{"id":1218,"date":"2025-04-16T14:33:44","date_gmt":"2025-04-16T14:33:44","guid":{"rendered":"https:\/\/ilusposgrado.com.ar\/ilusgaleria\/?post_type=proyecto&#038;p=1218"},"modified":"2025-04-16T14:33:54","modified_gmt":"2025-04-16T14:33:54","slug":"actividad-electrica-2","status":"publish","type":"proyecto","link":"https:\/\/ilusposgrado.com.ar\/ilusgaleria\/en\/proyecto\/actividad-electrica-2\/","title":{"rendered":"Electric Activity"},"content":{"rendered":"\n<p><br><em>\"Electric Activity<\/em> \u201d is a graphic novel that approaches epilepsy more as an experience than as a disease. It explores the relationship of this condition with its protagonists in the present, framed in the Western medical canon, and how different cultures have understood it over time and around the world. One of its objectives is to take the disease out of the medical field and place it in a cultural context, where the possibilities of understanding the same phenomenon are multiple.<\/p>\n","protected":false},"excerpt":{"rendered":"<p>\"Electric Activity \u201d is a graphic novel that approaches epilepsy more as an experience than as a disease. It explores the relationship of this condition with its protagonists in the present, framed in the Western medical canon, and how different cultures have understood it over time and around the world. One of its objectives is [&hellip;]<\/p>\n","protected":false},"author":19,"featured_media":1203,"template":"","meta":{"_acf_changed":false,"footnotes":""},"categories":[103,93],"class_list":["post-1218","proyecto","type-proyecto","status-publish","has-post-thumbnail","hentry","category-comic-and-graphic-novel","category-tif2-eng"],"acf":[],"yoast_head":"<!-- This site is optimized with the Yoast SEO plugin v23.9 - https:\/\/yoast.com\/wordpress\/plugins\/seo\/ -->\n<title>Electric Activity - Ilus.Galer\u00eda<\/title>\n<meta name=\"description\" content=\"&quot;Proyectos de Ilus.Galer\u00eda, realizados en el marco del Programa de Actualizaci\u00f3n en Ilustraci\u00f3n Profesional de la Universidad de Buenos Aires, reflejando creatividad y aprendizaje acad\u00e9mico.&quot;\" \/>\n<meta name=\"robots\" content=\"index, follow, max-snippet:-1, max-image-preview:large, max-video-preview:-1\" \/>\n<link rel=\"canonical\" href=\"https:\/\/ilusposgrado.com.ar\/ilusgaleria\/en\/proyecto\/actividad-electrica-2\/\" \/>\n<meta property=\"og:locale\" content=\"es_ES\" \/>\n<meta property=\"og:type\" content=\"article\" \/>\n<meta property=\"og:title\" content=\"Electric Activity - Ilus.Galer\u00eda\" \/>\n<meta property=\"og:description\" content=\"&quot;Proyectos de Ilus.Galer\u00eda, realizados en el marco del Programa de Actualizaci\u00f3n en Ilustraci\u00f3n Profesional de la Universidad de Buenos Aires, reflejando creatividad y aprendizaje acad\u00e9mico.&quot;\" \/>\n<meta property=\"og:url\" content=\"https:\/\/ilusposgrado.com.ar\/ilusgaleria\/en\/proyecto\/actividad-electrica-2\/\" \/>\n<meta property=\"og:site_name\" content=\"Ilus.Galer\u00eda\" \/>\n<meta property=\"article:modified_time\" content=\"2025-04-16T14:33:54+00:00\" \/>\n<meta property=\"og:image\" content=\"https:\/\/ilusposgrado.com.ar\/ilusgaleria\/wp-content\/uploads\/2024\/11\/Florencia-Gavilan-proyecto-ilustrado-9.jpg\" \/>\n\t<meta property=\"og:image:width\" content=\"600\" \/>\n\t<meta property=\"og:image:height\" content=\"600\" \/>\n\t<meta property=\"og:image:type\" content=\"image\/jpeg\" \/>\n<meta name=\"twitter:card\" content=\"summary_large_image\" \/>\n<meta name=\"twitter:label1\" content=\"Tiempo de lectura\" \/>\n\t<meta name=\"twitter:data1\" content=\"1 minuto\" \/>\n<script type=\"application\/ld+json\" class=\"yoast-schema-graph\">{\"@context\":\"https:\/\/schema.org\",\"@graph\":[{\"@type\":\"ScholarlyArticle\",\"@id\":\"https:\/\/ilusposgrado.com.ar\/ilusgaleria\/en\/proyecto\/actividad-electrica-2\/#article\",\"isPartOf\":{\"@id\":\"https:\/\/ilusposgrado.com.ar\/ilusgaleria\/en\/proyecto\/actividad-electrica-2\/\"},\"author\":{\"name\":\"Florencia Gavilan\",\"@id\":\"https:\/\/ilusposgrado.com.ar\/ilusgaleria\/#\/schema\/person\/c4c08688850ed807d24413d4412b6302\"},\"headline\":\"Electric Activity\",\"datePublished\":\"2025-04-16T14:33:44+00:00\",\"dateModified\":\"2025-04-16T14:33:54+00:00\",\"mainEntityOfPage\":{\"@id\":\"https:\/\/ilusposgrado.com.ar\/ilusgaleria\/en\/proyecto\/actividad-electrica-2\/\"},\"wordCount\":82,\"publisher\":{\"@id\":\"https:\/\/ilusposgrado.com.ar\/ilusgaleria\/#organization\"},\"image\":{\"@id\":\"https:\/\/ilusposgrado.com.ar\/ilusgaleria\/en\/proyecto\/actividad-electrica-2\/#primaryimage\"},\"thumbnailUrl\":\"https:\/\/ilusposgrado.com.ar\/ilusgaleria\/wp-content\/uploads\/2024\/11\/Florencia-Gavilan-proyecto-ilustrado-9.jpg\",\"articleSection\":[\"Comic and Graphic Novel\",\"TIF 2\"],\"inLanguage\":\"es-AR\"},{\"@type\":[\"WebPage\",\"CollectionPage\"],\"@id\":\"https:\/\/ilusposgrado.com.ar\/ilusgaleria\/en\/proyecto\/actividad-electrica-2\/\",\"url\":\"https:\/\/ilusposgrado.com.ar\/ilusgaleria\/en\/proyecto\/actividad-electrica-2\/\",\"name\":\"Electric Activity - Ilus.Galer\u00eda\",\"isPartOf\":{\"@id\":\"https:\/\/ilusposgrado.com.ar\/ilusgaleria\/#website\"},\"primaryImageOfPage\":{\"@id\":\"https:\/\/ilusposgrado.com.ar\/ilusgaleria\/en\/proyecto\/actividad-electrica-2\/#primaryimage\"},\"image\":{\"@id\":\"https:\/\/ilusposgrado.com.ar\/ilusgaleria\/en\/proyecto\/actividad-electrica-2\/#primaryimage\"},\"thumbnailUrl\":\"https:\/\/ilusposgrado.com.ar\/ilusgaleria\/wp-content\/uploads\/2024\/11\/Florencia-Gavilan-proyecto-ilustrado-9.jpg\",\"datePublished\":\"2025-04-16T14:33:44+00:00\",\"dateModified\":\"2025-04-16T14:33:54+00:00\",\"description\":\"\\\"Proyectos de Ilus.Galer\u00eda, realizados en el marco del Programa de Actualizaci\u00f3n en Ilustraci\u00f3n Profesional de la Universidad de Buenos Aires, reflejando creatividad y aprendizaje acad\u00e9mico.\\\"\",\"breadcrumb\":{\"@id\":\"https:\/\/ilusposgrado.com.ar\/ilusgaleria\/en\/proyecto\/actividad-electrica-2\/#breadcrumb\"},\"inLanguage\":\"es-AR\"},{\"@type\":\"ImageObject\",\"inLanguage\":\"es-AR\",\"@id\":\"https:\/\/ilusposgrado.com.ar\/ilusgaleria\/en\/proyecto\/actividad-electrica-2\/#primaryimage\",\"url\":\"https:\/\/ilusposgrado.com.ar\/ilusgaleria\/wp-content\/uploads\/2024\/11\/Florencia-Gavilan-proyecto-ilustrado-9.jpg\",\"contentUrl\":\"https:\/\/ilusposgrado.com.ar\/ilusgaleria\/wp-content\/uploads\/2024\/11\/Florencia-Gavilan-proyecto-ilustrado-9.jpg\",\"width\":600,\"height\":600},{\"@type\":\"BreadcrumbList\",\"@id\":\"https:\/\/ilusposgrado.com.ar\/ilusgaleria\/en\/proyecto\/actividad-electrica-2\/#breadcrumb\",\"itemListElement\":[{\"@type\":\"ListItem\",\"position\":1,\"name\":\"Inicio\",\"item\":\"https:\/\/ilusposgrado.com.ar\/ilusgaleria\/\"},{\"@type\":\"ListItem\",\"position\":2,\"name\":\"Proyectos\",\"item\":\"https:\/\/ilusposgrado.com.ar\/ilusgaleria\/proyecto\/\"},{\"@type\":\"ListItem\",\"position\":3,\"name\":\"Electric Activity\"}]},{\"@type\":\"WebSite\",\"@id\":\"https:\/\/ilusposgrado.com.ar\/ilusgaleria\/#website\",\"url\":\"https:\/\/ilusposgrado.com.ar\/ilusgaleria\/\",\"name\":\"Ilus.Galer\u00eda\",\"description\":\"Programa de Actualizaci\u00f3n en Ilustraci\u00f3n Profesional de la Facultad de Arquitectura, Dise\u00f1o y Urbanismo de la Universidad de Buenos Aires\",\"publisher\":{\"@id\":\"https:\/\/ilusposgrado.com.ar\/ilusgaleria\/#organization\"},\"alternateName\":\"Programa de Ilustraci\u00f3n Profesional de la Facultad de Arquitectura y Urbanismo de la Universidad de Buenos Aires\",\"potentialAction\":[{\"@type\":\"SearchAction\",\"target\":{\"@type\":\"EntryPoint\",\"urlTemplate\":\"https:\/\/ilusposgrado.com.ar\/ilusgaleria\/?s={search_term_string}\"},\"query-input\":{\"@type\":\"PropertyValueSpecification\",\"valueRequired\":true,\"valueName\":\"search_term_string\"}}],\"inLanguage\":\"es-AR\"},{\"@type\":\"Organization\",\"@id\":\"https:\/\/ilusposgrado.com.ar\/ilusgaleria\/#organization\",\"name\":\"Programa de Ilustraci\u00f3n Profesional de la Facultad de Arquitectura y Urbanismo de la Universidad de Buenos Aires\",\"alternateName\":\"Ilus.P\",\"url\":\"https:\/\/ilusposgrado.com.ar\/ilusgaleria\/\",\"logo\":{\"@type\":\"ImageObject\",\"inLanguage\":\"es-AR\",\"@id\":\"https:\/\/ilusposgrado.com.ar\/ilusgaleria\/#\/schema\/logo\/image\/\",\"url\":\"https:\/\/ilusposgrado.com.ar\/ilusgaleria\/wp-content\/uploads\/2024\/11\/ilus-galeria-seo.png\",\"contentUrl\":\"https:\/\/ilusposgrado.com.ar\/ilusgaleria\/wp-content\/uploads\/2024\/11\/ilus-galeria-seo.png\",\"width\":1024,\"height\":1024,\"caption\":\"Programa de Ilustraci\u00f3n Profesional de la Facultad de Arquitectura y Urbanismo de la Universidad de Buenos Aires\"},\"image\":{\"@id\":\"https:\/\/ilusposgrado.com.ar\/ilusgaleria\/#\/schema\/logo\/image\/\"},\"sameAs\":[\"https:\/\/www.instagram.com\/ilusposgrado\/\"]},{\"@type\":\"Person\",\"@id\":\"https:\/\/ilusposgrado.com.ar\/ilusgaleria\/#\/schema\/person\/c4c08688850ed807d24413d4412b6302\",\"name\":\"Florencia Gavilan\",\"description\":\"Florencia Gavilan es Dise\u00f1adora Gr\u00e1fica por la Universidad de Buenos Aires y complet\u00f3 en 2021 el Posgrado en Ilustraci\u00f3n profesional en la misma instituci\u00f3n. Entre 2017 y 2021, fue docente de Morfolog\u00eda en la c\u00e1tedra Longinotti (UBA) y de Dise\u00f1o en la Universidad Torcuato Di Tella. Entre 2022 y 2023 curs\u00f3 el M\u00e1ster en Dise\u00f1o e Ilustraci\u00f3n en la Universidad Polit\u00e9cnica de Valencia.\\u2028Vive en Buenos Aires y trabaja como ilustradora, dise\u00f1adora y docente de Ilustraci\u00f3n 1 de la c\u00e1tedra Rold\u00e1n (UBA).\",\"sameAs\":[\"http:\/\/www.behance.net\/FlorenciaGavilan\",\"https:\/\/www.instagram.com\/flordenciagavilan\/\"],\"url\":\"https:\/\/ilusposgrado.com.ar\/ilusgaleria\/ilustrador\/florenciagavilan\/\"}]}<\/script>\n<!-- \/ Yoast SEO plugin. -->","yoast_head_json":{"title":"Electric Activity - Ilus.Galer\u00eda","description":"\"Proyectos de Ilus.Galer\u00eda, realizados en el marco del Programa de Actualizaci\u00f3n en Ilustraci\u00f3n Profesional de la Universidad de Buenos Aires, reflejando creatividad y aprendizaje acad\u00e9mico.\"","robots":{"index":"index","follow":"follow","max-snippet":"max-snippet:-1","max-image-preview":"max-image-preview:large","max-video-preview":"max-video-preview:-1"},"canonical":"https:\/\/ilusposgrado.com.ar\/ilusgaleria\/en\/proyecto\/actividad-electrica-2\/","og_locale":"es_ES","og_type":"article","og_title":"Electric Activity - Ilus.Galer\u00eda","og_description":"\"Proyectos de Ilus.Galer\u00eda, realizados en el marco del Programa de Actualizaci\u00f3n en Ilustraci\u00f3n Profesional de la Universidad de Buenos Aires, reflejando creatividad y aprendizaje acad\u00e9mico.\"","og_url":"https:\/\/ilusposgrado.com.ar\/ilusgaleria\/en\/proyecto\/actividad-electrica-2\/","og_site_name":"Ilus.Galer\u00eda","article_modified_time":"2025-04-16T14:33:54+00:00","og_image":[{"width":600,"height":600,"url":"https:\/\/ilusposgrado.com.ar\/ilusgaleria\/wp-content\/uploads\/2024\/11\/Florencia-Gavilan-proyecto-ilustrado-9.jpg","type":"image\/jpeg"}],"twitter_card":"summary_large_image","twitter_misc":{"Tiempo de lectura":"1 minuto"},"schema":{"@context":"https:\/\/schema.org","@graph":[{"@type":"ScholarlyArticle","@id":"https:\/\/ilusposgrado.com.ar\/ilusgaleria\/en\/proyecto\/actividad-electrica-2\/#article","isPartOf":{"@id":"https:\/\/ilusposgrado.com.ar\/ilusgaleria\/en\/proyecto\/actividad-electrica-2\/"},"author":{"name":"Florencia Gavilan","@id":"https:\/\/ilusposgrado.com.ar\/ilusgaleria\/#\/schema\/person\/c4c08688850ed807d24413d4412b6302"},"headline":"Electric Activity","datePublished":"2025-04-16T14:33:44+00:00","dateModified":"2025-04-16T14:33:54+00:00","mainEntityOfPage":{"@id":"https:\/\/ilusposgrado.com.ar\/ilusgaleria\/en\/proyecto\/actividad-electrica-2\/"},"wordCount":82,"publisher":{"@id":"https:\/\/ilusposgrado.com.ar\/ilusgaleria\/#organization"},"image":{"@id":"https:\/\/ilusposgrado.com.ar\/ilusgaleria\/en\/proyecto\/actividad-electrica-2\/#primaryimage"},"thumbnailUrl":"https:\/\/ilusposgrado.com.ar\/ilusgaleria\/wp-content\/uploads\/2024\/11\/Florencia-Gavilan-proyecto-ilustrado-9.jpg","articleSection":["Comic and Graphic Novel","TIF 2"],"inLanguage":"es-AR"},{"@type":["WebPage","CollectionPage"],"@id":"https:\/\/ilusposgrado.com.ar\/ilusgaleria\/en\/proyecto\/actividad-electrica-2\/","url":"https:\/\/ilusposgrado.com.ar\/ilusgaleria\/en\/proyecto\/actividad-electrica-2\/","name":"Electric Activity - Ilus.Galer\u00eda","isPartOf":{"@id":"https:\/\/ilusposgrado.com.ar\/ilusgaleria\/#website"},"primaryImageOfPage":{"@id":"https:\/\/ilusposgrado.com.ar\/ilusgaleria\/en\/proyecto\/actividad-electrica-2\/#primaryimage"},"image":{"@id":"https:\/\/ilusposgrado.com.ar\/ilusgaleria\/en\/proyecto\/actividad-electrica-2\/#primaryimage"},"thumbnailUrl":"https:\/\/ilusposgrado.com.ar\/ilusgaleria\/wp-content\/uploads\/2024\/11\/Florencia-Gavilan-proyecto-ilustrado-9.jpg","datePublished":"2025-04-16T14:33:44+00:00","dateModified":"2025-04-16T14:33:54+00:00","description":"\"Proyectos de Ilus.Galer\u00eda, realizados en el marco del Programa de Actualizaci\u00f3n en Ilustraci\u00f3n Profesional de la Universidad de Buenos Aires, reflejando creatividad y aprendizaje acad\u00e9mico.\"","breadcrumb":{"@id":"https:\/\/ilusposgrado.com.ar\/ilusgaleria\/en\/proyecto\/actividad-electrica-2\/#breadcrumb"},"inLanguage":"es-AR"},{"@type":"ImageObject","inLanguage":"es-AR","@id":"https:\/\/ilusposgrado.com.ar\/ilusgaleria\/en\/proyecto\/actividad-electrica-2\/#primaryimage","url":"https:\/\/ilusposgrado.com.ar\/ilusgaleria\/wp-content\/uploads\/2024\/11\/Florencia-Gavilan-proyecto-ilustrado-9.jpg","contentUrl":"https:\/\/ilusposgrado.com.ar\/ilusgaleria\/wp-content\/uploads\/2024\/11\/Florencia-Gavilan-proyecto-ilustrado-9.jpg","width":600,"height":600},{"@type":"BreadcrumbList","@id":"https:\/\/ilusposgrado.com.ar\/ilusgaleria\/en\/proyecto\/actividad-electrica-2\/#breadcrumb","itemListElement":[{"@type":"ListItem","position":1,"name":"Inicio","item":"https:\/\/ilusposgrado.com.ar\/ilusgaleria\/"},{"@type":"ListItem","position":2,"name":"Proyectos","item":"https:\/\/ilusposgrado.com.ar\/ilusgaleria\/proyecto\/"},{"@type":"ListItem","position":3,"name":"Electric Activity"}]},{"@type":"WebSite","@id":"https:\/\/ilusposgrado.com.ar\/ilusgaleria\/#website","url":"https:\/\/ilusposgrado.com.ar\/ilusgaleria\/","name":"Ilus.Galer\u00eda","description":"Programa de Actualizaci\u00f3n en Ilustraci\u00f3n Profesional de la Facultad de Arquitectura, Dise\u00f1o y Urbanismo de la Universidad de Buenos Aires","publisher":{"@id":"https:\/\/ilusposgrado.com.ar\/ilusgaleria\/#organization"},"alternateName":"Programa de Ilustraci\u00f3n Profesional de la Facultad de Arquitectura y Urbanismo de la Universidad de Buenos Aires","potentialAction":[{"@type":"SearchAction","target":{"@type":"EntryPoint","urlTemplate":"https:\/\/ilusposgrado.com.ar\/ilusgaleria\/?s={search_term_string}"},"query-input":{"@type":"PropertyValueSpecification","valueRequired":true,"valueName":"search_term_string"}}],"inLanguage":"es-AR"},{"@type":"Organization","@id":"https:\/\/ilusposgrado.com.ar\/ilusgaleria\/#organization","name":"Programa de Ilustraci\u00f3n Profesional de la Facultad de Arquitectura y Urbanismo de la Universidad de Buenos Aires","alternateName":"Ilus.P","url":"https:\/\/ilusposgrado.com.ar\/ilusgaleria\/","logo":{"@type":"ImageObject","inLanguage":"es-AR","@id":"https:\/\/ilusposgrado.com.ar\/ilusgaleria\/#\/schema\/logo\/image\/","url":"https:\/\/ilusposgrado.com.ar\/ilusgaleria\/wp-content\/uploads\/2024\/11\/ilus-galeria-seo.png","contentUrl":"https:\/\/ilusposgrado.com.ar\/ilusgaleria\/wp-content\/uploads\/2024\/11\/ilus-galeria-seo.png","width":1024,"height":1024,"caption":"Programa de Ilustraci\u00f3n Profesional de la Facultad de Arquitectura y Urbanismo de la Universidad de Buenos Aires"},"image":{"@id":"https:\/\/ilusposgrado.com.ar\/ilusgaleria\/#\/schema\/logo\/image\/"},"sameAs":["https:\/\/www.instagram.com\/ilusposgrado\/"]},{"@type":"Person","@id":"https:\/\/ilusposgrado.com.ar\/ilusgaleria\/#\/schema\/person\/c4c08688850ed807d24413d4412b6302","name":"Florencia Gavilan","description":"Florencia Gavilan es Dise\u00f1adora Gr\u00e1fica por la Universidad de Buenos Aires y complet\u00f3 en 2021 el Posgrado en Ilustraci\u00f3n profesional en la misma instituci\u00f3n. Entre 2017 y 2021, fue docente de Morfolog\u00eda en la c\u00e1tedra Longinotti (UBA) y de Dise\u00f1o en la Universidad Torcuato Di Tella. Entre 2022 y 2023 curs\u00f3 el M\u00e1ster en Dise\u00f1o e Ilustraci\u00f3n en la Universidad Polit\u00e9cnica de Valencia.\u2028Vive en Buenos Aires y trabaja como ilustradora, dise\u00f1adora y docente de Ilustraci\u00f3n 1 de la c\u00e1tedra Rold\u00e1n (UBA).","sameAs":["http:\/\/www.behance.net\/FlorenciaGavilan","https:\/\/www.instagram.com\/flordenciagavilan\/"],"url":"https:\/\/ilusposgrado.com.ar\/ilusgaleria\/ilustrador\/florenciagavilan\/"}]}},"_links":{"self":[{"href":"https:\/\/ilusposgrado.com.ar\/ilusgaleria\/wp-json\/wp\/v2\/proyecto\/1218","targetHints":{"allow":["GET"]}}],"collection":[{"href":"https:\/\/ilusposgrado.com.ar\/ilusgaleria\/wp-json\/wp\/v2\/proyecto"}],"about":[{"href":"https:\/\/ilusposgrado.com.ar\/ilusgaleria\/wp-json\/wp\/v2\/types\/proyecto"}],"author":[{"embeddable":true,"href":"https:\/\/ilusposgrado.com.ar\/ilusgaleria\/wp-json\/wp\/v2\/users\/19"}],"version-history":[{"count":3,"href":"https:\/\/ilusposgrado.com.ar\/ilusgaleria\/wp-json\/wp\/v2\/proyecto\/1218\/revisions"}],"predecessor-version":[{"id":3243,"href":"https:\/\/ilusposgrado.com.ar\/ilusgaleria\/wp-json\/wp\/v2\/proyecto\/1218\/revisions\/3243"}],"wp:featuredmedia":[{"embeddable":true,"href":"https:\/\/ilusposgrado.com.ar\/ilusgaleria\/wp-json\/wp\/v2\/media\/1203"}],"wp:attachment":[{"href":"https:\/\/ilusposgrado.com.ar\/ilusgaleria\/wp-json\/wp\/v2\/media?parent=1218"}],"wp:term":[{"taxonomy":"category","embeddable":true,"href":"https:\/\/ilusposgrado.com.ar\/ilusgaleria\/wp-json\/wp\/v2\/categories?post=1218"}],"curies":[{"name":"wp","href":"https:\/\/api.w.org\/{rel}","templated":true}]}}