{"id":4614,"date":"2026-04-19T00:58:57","date_gmt":"2026-04-19T00:58:57","guid":{"rendered":"https:\/\/ilusposgrado.com.ar\/ilusgaleria\/?post_type=proyecto&#038;p=4614"},"modified":"2026-04-19T00:59:06","modified_gmt":"2026-04-19T00:59:06","slug":"vicentes-dream","status":"publish","type":"proyecto","link":"https:\/\/ilusposgrado.com.ar\/ilusgaleria\/en\/proyecto\/vicentes-dream\/","title":{"rendered":"Vicente's dream"},"content":{"rendered":"\n<p>This picture book tells the story of Vicente, a solitary and grumpy bear who lives in a gray city surrounded by people. His routine is interrupted the day he receives a mysterious book, which connects him to something from his past and triggers a strange change in his behavior. Gradually attracting the attention of those around him, he embarks on a journey where obstacles, learning, and encounters with others will build something surprising.<\/p>\n","protected":false},"excerpt":{"rendered":"<p>This picture book tells the story of Vicente, a solitary and grumpy bear who lives in a gray city surrounded by people. His routine is interrupted the day he receives a mysterious book, which connects him to something from his past and triggers a strange change in his behavior. Gradually attracting the attention of those [&hellip;]<\/p>\n","protected":false},"author":47,"featured_media":4604,"template":"","meta":{"_acf_changed":false,"footnotes":""},"categories":[113,107],"class_list":["post-4614","proyecto","type-proyecto","status-publish","has-post-thumbnail","hentry","category-childrens-and-young-adult-literature","category-picture-book"],"acf":[],"yoast_head":"<!-- This site is optimized with the Yoast SEO plugin v23.9 - https:\/\/yoast.com\/wordpress\/plugins\/seo\/ -->\n<title>Vicente&#039;s dream - Ilus.Galer\u00eda<\/title>\n<meta name=\"description\" content=\"&quot;Proyectos de Ilus.Galer\u00eda, realizados en el marco del Programa de Actualizaci\u00f3n en Ilustraci\u00f3n Profesional de la Universidad de Buenos Aires, reflejando creatividad y aprendizaje acad\u00e9mico.&quot;\" \/>\n<meta name=\"robots\" content=\"index, follow, max-snippet:-1, max-image-preview:large, max-video-preview:-1\" \/>\n<link rel=\"canonical\" href=\"https:\/\/ilusposgrado.com.ar\/ilusgaleria\/en\/proyecto\/vicentes-dream\/\" \/>\n<meta property=\"og:locale\" content=\"es_ES\" \/>\n<meta property=\"og:type\" content=\"article\" \/>\n<meta property=\"og:title\" content=\"Vicente&#039;s dream - Ilus.Galer\u00eda\" \/>\n<meta property=\"og:description\" content=\"&quot;Proyectos de Ilus.Galer\u00eda, realizados en el marco del Programa de Actualizaci\u00f3n en Ilustraci\u00f3n Profesional de la Universidad de Buenos Aires, reflejando creatividad y aprendizaje acad\u00e9mico.&quot;\" \/>\n<meta property=\"og:url\" content=\"https:\/\/ilusposgrado.com.ar\/ilusgaleria\/en\/proyecto\/vicentes-dream\/\" \/>\n<meta property=\"og:site_name\" content=\"Ilus.Galer\u00eda\" \/>\n<meta property=\"article:modified_time\" content=\"2026-04-19T00:59:06+00:00\" \/>\n<meta property=\"og:image\" content=\"https:\/\/ilusposgrado.com.ar\/ilusgaleria\/wp-content\/uploads\/2026\/04\/Federico-Posadas-proyecto-ilustrado_Miniatura.jpg\" \/>\n\t<meta property=\"og:image:width\" content=\"600\" \/>\n\t<meta property=\"og:image:height\" content=\"600\" \/>\n\t<meta property=\"og:image:type\" content=\"image\/jpeg\" \/>\n<meta name=\"twitter:card\" content=\"summary_large_image\" \/>\n<meta name=\"twitter:label1\" content=\"Tiempo de lectura\" \/>\n\t<meta name=\"twitter:data1\" content=\"1 minuto\" \/>\n<script type=\"application\/ld+json\" class=\"yoast-schema-graph\">{\"@context\":\"https:\/\/schema.org\",\"@graph\":[{\"@type\":\"ScholarlyArticle\",\"@id\":\"https:\/\/ilusposgrado.com.ar\/ilusgaleria\/en\/proyecto\/vicentes-dream\/#article\",\"isPartOf\":{\"@id\":\"https:\/\/ilusposgrado.com.ar\/ilusgaleria\/en\/proyecto\/vicentes-dream\/\"},\"author\":{\"name\":\"Federico Posadas\",\"@id\":\"https:\/\/ilusposgrado.com.ar\/ilusgaleria\/#\/schema\/person\/54344b8ca9385caa324a7244cde1860e\"},\"headline\":\"Vicente's dream\",\"datePublished\":\"2026-04-19T00:58:57+00:00\",\"dateModified\":\"2026-04-19T00:59:06+00:00\",\"mainEntityOfPage\":{\"@id\":\"https:\/\/ilusposgrado.com.ar\/ilusgaleria\/en\/proyecto\/vicentes-dream\/\"},\"wordCount\":76,\"publisher\":{\"@id\":\"https:\/\/ilusposgrado.com.ar\/ilusgaleria\/#organization\"},\"image\":{\"@id\":\"https:\/\/ilusposgrado.com.ar\/ilusgaleria\/en\/proyecto\/vicentes-dream\/#primaryimage\"},\"thumbnailUrl\":\"https:\/\/ilusposgrado.com.ar\/ilusgaleria\/wp-content\/uploads\/2026\/04\/Federico-Posadas-proyecto-ilustrado_Miniatura.jpg\",\"articleSection\":[\"Children's and Young Adult Literature\",\"Picture Book\"],\"inLanguage\":\"es-AR\"},{\"@type\":[\"WebPage\",\"CollectionPage\"],\"@id\":\"https:\/\/ilusposgrado.com.ar\/ilusgaleria\/en\/proyecto\/vicentes-dream\/\",\"url\":\"https:\/\/ilusposgrado.com.ar\/ilusgaleria\/en\/proyecto\/vicentes-dream\/\",\"name\":\"Vicente's dream - Ilus.Galer\u00eda\",\"isPartOf\":{\"@id\":\"https:\/\/ilusposgrado.com.ar\/ilusgaleria\/#website\"},\"primaryImageOfPage\":{\"@id\":\"https:\/\/ilusposgrado.com.ar\/ilusgaleria\/en\/proyecto\/vicentes-dream\/#primaryimage\"},\"image\":{\"@id\":\"https:\/\/ilusposgrado.com.ar\/ilusgaleria\/en\/proyecto\/vicentes-dream\/#primaryimage\"},\"thumbnailUrl\":\"https:\/\/ilusposgrado.com.ar\/ilusgaleria\/wp-content\/uploads\/2026\/04\/Federico-Posadas-proyecto-ilustrado_Miniatura.jpg\",\"datePublished\":\"2026-04-19T00:58:57+00:00\",\"dateModified\":\"2026-04-19T00:59:06+00:00\",\"description\":\"\\\"Proyectos de Ilus.Galer\u00eda, realizados en el marco del Programa de Actualizaci\u00f3n en Ilustraci\u00f3n Profesional de la Universidad de Buenos Aires, reflejando creatividad y aprendizaje acad\u00e9mico.\\\"\",\"breadcrumb\":{\"@id\":\"https:\/\/ilusposgrado.com.ar\/ilusgaleria\/en\/proyecto\/vicentes-dream\/#breadcrumb\"},\"inLanguage\":\"es-AR\"},{\"@type\":\"ImageObject\",\"inLanguage\":\"es-AR\",\"@id\":\"https:\/\/ilusposgrado.com.ar\/ilusgaleria\/en\/proyecto\/vicentes-dream\/#primaryimage\",\"url\":\"https:\/\/ilusposgrado.com.ar\/ilusgaleria\/wp-content\/uploads\/2026\/04\/Federico-Posadas-proyecto-ilustrado_Miniatura.jpg\",\"contentUrl\":\"https:\/\/ilusposgrado.com.ar\/ilusgaleria\/wp-content\/uploads\/2026\/04\/Federico-Posadas-proyecto-ilustrado_Miniatura.jpg\",\"width\":600,\"height\":600,\"caption\":\"Federico Posadas - El sue\u00f1o de Vicente\"},{\"@type\":\"BreadcrumbList\",\"@id\":\"https:\/\/ilusposgrado.com.ar\/ilusgaleria\/en\/proyecto\/vicentes-dream\/#breadcrumb\",\"itemListElement\":[{\"@type\":\"ListItem\",\"position\":1,\"name\":\"Inicio\",\"item\":\"https:\/\/ilusposgrado.com.ar\/ilusgaleria\/\"},{\"@type\":\"ListItem\",\"position\":2,\"name\":\"Proyectos\",\"item\":\"https:\/\/ilusposgrado.com.ar\/ilusgaleria\/proyecto\/\"},{\"@type\":\"ListItem\",\"position\":3,\"name\":\"Vicente's dream\"}]},{\"@type\":\"WebSite\",\"@id\":\"https:\/\/ilusposgrado.com.ar\/ilusgaleria\/#website\",\"url\":\"https:\/\/ilusposgrado.com.ar\/ilusgaleria\/\",\"name\":\"Ilus.Galer\u00eda\",\"description\":\"Programa de Actualizaci\u00f3n en Ilustraci\u00f3n Profesional de la Facultad de Arquitectura, Dise\u00f1o y Urbanismo de la Universidad de Buenos Aires\",\"publisher\":{\"@id\":\"https:\/\/ilusposgrado.com.ar\/ilusgaleria\/#organization\"},\"alternateName\":\"Programa de Ilustraci\u00f3n Profesional de la Facultad de Arquitectura y Urbanismo de la Universidad de Buenos Aires\",\"potentialAction\":[{\"@type\":\"SearchAction\",\"target\":{\"@type\":\"EntryPoint\",\"urlTemplate\":\"https:\/\/ilusposgrado.com.ar\/ilusgaleria\/?s={search_term_string}\"},\"query-input\":{\"@type\":\"PropertyValueSpecification\",\"valueRequired\":true,\"valueName\":\"search_term_string\"}}],\"inLanguage\":\"es-AR\"},{\"@type\":\"Organization\",\"@id\":\"https:\/\/ilusposgrado.com.ar\/ilusgaleria\/#organization\",\"name\":\"Programa de Ilustraci\u00f3n Profesional de la Facultad de Arquitectura y Urbanismo de la Universidad de Buenos Aires\",\"alternateName\":\"Ilus.P\",\"url\":\"https:\/\/ilusposgrado.com.ar\/ilusgaleria\/\",\"logo\":{\"@type\":\"ImageObject\",\"inLanguage\":\"es-AR\",\"@id\":\"https:\/\/ilusposgrado.com.ar\/ilusgaleria\/#\/schema\/logo\/image\/\",\"url\":\"https:\/\/ilusposgrado.com.ar\/ilusgaleria\/wp-content\/uploads\/2024\/11\/ilus-galeria-seo.png\",\"contentUrl\":\"https:\/\/ilusposgrado.com.ar\/ilusgaleria\/wp-content\/uploads\/2024\/11\/ilus-galeria-seo.png\",\"width\":1024,\"height\":1024,\"caption\":\"Programa de Ilustraci\u00f3n Profesional de la Facultad de Arquitectura y Urbanismo de la Universidad de Buenos Aires\"},\"image\":{\"@id\":\"https:\/\/ilusposgrado.com.ar\/ilusgaleria\/#\/schema\/logo\/image\/\"},\"sameAs\":[\"https:\/\/www.instagram.com\/ilusposgrado\/\"]},{\"@type\":\"Person\",\"@id\":\"https:\/\/ilusposgrado.com.ar\/ilusgaleria\/#\/schema\/person\/54344b8ca9385caa324a7244cde1860e\",\"name\":\"Federico Posadas\",\"description\":\"Federico es ilustrador, dise\u00f1ador y docente. Naci\u00f3 en Villa La Angostura, Patagonia argentina. Se gradu\u00f3 en dise\u00f1o gr\u00e1fico en la FADU UBA. Ha participado en talleres de ilustraci\u00f3n, destacando el posgrado en ilustraci\u00f3n profesional (FADU UBA). En 2024, fue finalista de la 3ra Bienal de Ilustraci\u00f3n en M\u00e9xico. Tiene amplia experiencia desarrollando proyectos para empresas e instituciones, y ha publicado a la fecha diferentes libros: Conociendo a los pingu\u0308inos (Ed. Global Penguin), \u00a1Abrigate Osito! (Ed. Abran Cancha), Esto o lo Otro (Ed. Mu\u00f1eca de trapo), El Volc\u00e1n y el Sol (Ed. Quipu), Lenguas que cuentan (Ed. Biblioteca del Senado de la Naci\u00f3n), Guijarros blancos, guijarros negros (Ed Cedie).\",\"sameAs\":[\"https:\/\/federicoposadas.com\/\",\"https:\/\/www.instagram.com\/fede.posadas\/\"],\"url\":\"https:\/\/ilusposgrado.com.ar\/ilusgaleria\/ilustrador\/federicoposadas\/\"}]}<\/script>\n<!-- \/ Yoast SEO plugin. -->","yoast_head_json":{"title":"Vicente's dream - Ilus.Galer\u00eda","description":"\"Proyectos de Ilus.Galer\u00eda, realizados en el marco del Programa de Actualizaci\u00f3n en Ilustraci\u00f3n Profesional de la Universidad de Buenos Aires, reflejando creatividad y aprendizaje acad\u00e9mico.\"","robots":{"index":"index","follow":"follow","max-snippet":"max-snippet:-1","max-image-preview":"max-image-preview:large","max-video-preview":"max-video-preview:-1"},"canonical":"https:\/\/ilusposgrado.com.ar\/ilusgaleria\/en\/proyecto\/vicentes-dream\/","og_locale":"es_ES","og_type":"article","og_title":"Vicente's dream - Ilus.Galer\u00eda","og_description":"\"Proyectos de Ilus.Galer\u00eda, realizados en el marco del Programa de Actualizaci\u00f3n en Ilustraci\u00f3n Profesional de la Universidad de Buenos Aires, reflejando creatividad y aprendizaje acad\u00e9mico.\"","og_url":"https:\/\/ilusposgrado.com.ar\/ilusgaleria\/en\/proyecto\/vicentes-dream\/","og_site_name":"Ilus.Galer\u00eda","article_modified_time":"2026-04-19T00:59:06+00:00","og_image":[{"width":600,"height":600,"url":"https:\/\/ilusposgrado.com.ar\/ilusgaleria\/wp-content\/uploads\/2026\/04\/Federico-Posadas-proyecto-ilustrado_Miniatura.jpg","type":"image\/jpeg"}],"twitter_card":"summary_large_image","twitter_misc":{"Tiempo de lectura":"1 minuto"},"schema":{"@context":"https:\/\/schema.org","@graph":[{"@type":"ScholarlyArticle","@id":"https:\/\/ilusposgrado.com.ar\/ilusgaleria\/en\/proyecto\/vicentes-dream\/#article","isPartOf":{"@id":"https:\/\/ilusposgrado.com.ar\/ilusgaleria\/en\/proyecto\/vicentes-dream\/"},"author":{"name":"Federico Posadas","@id":"https:\/\/ilusposgrado.com.ar\/ilusgaleria\/#\/schema\/person\/54344b8ca9385caa324a7244cde1860e"},"headline":"Vicente's dream","datePublished":"2026-04-19T00:58:57+00:00","dateModified":"2026-04-19T00:59:06+00:00","mainEntityOfPage":{"@id":"https:\/\/ilusposgrado.com.ar\/ilusgaleria\/en\/proyecto\/vicentes-dream\/"},"wordCount":76,"publisher":{"@id":"https:\/\/ilusposgrado.com.ar\/ilusgaleria\/#organization"},"image":{"@id":"https:\/\/ilusposgrado.com.ar\/ilusgaleria\/en\/proyecto\/vicentes-dream\/#primaryimage"},"thumbnailUrl":"https:\/\/ilusposgrado.com.ar\/ilusgaleria\/wp-content\/uploads\/2026\/04\/Federico-Posadas-proyecto-ilustrado_Miniatura.jpg","articleSection":["Children's and Young Adult Literature","Picture Book"],"inLanguage":"es-AR"},{"@type":["WebPage","CollectionPage"],"@id":"https:\/\/ilusposgrado.com.ar\/ilusgaleria\/en\/proyecto\/vicentes-dream\/","url":"https:\/\/ilusposgrado.com.ar\/ilusgaleria\/en\/proyecto\/vicentes-dream\/","name":"Vicente's dream - Ilus.Galer\u00eda","isPartOf":{"@id":"https:\/\/ilusposgrado.com.ar\/ilusgaleria\/#website"},"primaryImageOfPage":{"@id":"https:\/\/ilusposgrado.com.ar\/ilusgaleria\/en\/proyecto\/vicentes-dream\/#primaryimage"},"image":{"@id":"https:\/\/ilusposgrado.com.ar\/ilusgaleria\/en\/proyecto\/vicentes-dream\/#primaryimage"},"thumbnailUrl":"https:\/\/ilusposgrado.com.ar\/ilusgaleria\/wp-content\/uploads\/2026\/04\/Federico-Posadas-proyecto-ilustrado_Miniatura.jpg","datePublished":"2026-04-19T00:58:57+00:00","dateModified":"2026-04-19T00:59:06+00:00","description":"\"Proyectos de Ilus.Galer\u00eda, realizados en el marco del Programa de Actualizaci\u00f3n en Ilustraci\u00f3n Profesional de la Universidad de Buenos Aires, reflejando creatividad y aprendizaje acad\u00e9mico.\"","breadcrumb":{"@id":"https:\/\/ilusposgrado.com.ar\/ilusgaleria\/en\/proyecto\/vicentes-dream\/#breadcrumb"},"inLanguage":"es-AR"},{"@type":"ImageObject","inLanguage":"es-AR","@id":"https:\/\/ilusposgrado.com.ar\/ilusgaleria\/en\/proyecto\/vicentes-dream\/#primaryimage","url":"https:\/\/ilusposgrado.com.ar\/ilusgaleria\/wp-content\/uploads\/2026\/04\/Federico-Posadas-proyecto-ilustrado_Miniatura.jpg","contentUrl":"https:\/\/ilusposgrado.com.ar\/ilusgaleria\/wp-content\/uploads\/2026\/04\/Federico-Posadas-proyecto-ilustrado_Miniatura.jpg","width":600,"height":600,"caption":"Federico Posadas - El sue\u00f1o de Vicente"},{"@type":"BreadcrumbList","@id":"https:\/\/ilusposgrado.com.ar\/ilusgaleria\/en\/proyecto\/vicentes-dream\/#breadcrumb","itemListElement":[{"@type":"ListItem","position":1,"name":"Inicio","item":"https:\/\/ilusposgrado.com.ar\/ilusgaleria\/"},{"@type":"ListItem","position":2,"name":"Proyectos","item":"https:\/\/ilusposgrado.com.ar\/ilusgaleria\/proyecto\/"},{"@type":"ListItem","position":3,"name":"Vicente's dream"}]},{"@type":"WebSite","@id":"https:\/\/ilusposgrado.com.ar\/ilusgaleria\/#website","url":"https:\/\/ilusposgrado.com.ar\/ilusgaleria\/","name":"Ilus.Galer\u00eda","description":"Programa de Actualizaci\u00f3n en Ilustraci\u00f3n Profesional de la Facultad de Arquitectura, Dise\u00f1o y Urbanismo de la Universidad de Buenos Aires","publisher":{"@id":"https:\/\/ilusposgrado.com.ar\/ilusgaleria\/#organization"},"alternateName":"Programa de Ilustraci\u00f3n Profesional de la Facultad de Arquitectura y Urbanismo de la Universidad de Buenos Aires","potentialAction":[{"@type":"SearchAction","target":{"@type":"EntryPoint","urlTemplate":"https:\/\/ilusposgrado.com.ar\/ilusgaleria\/?s={search_term_string}"},"query-input":{"@type":"PropertyValueSpecification","valueRequired":true,"valueName":"search_term_string"}}],"inLanguage":"es-AR"},{"@type":"Organization","@id":"https:\/\/ilusposgrado.com.ar\/ilusgaleria\/#organization","name":"Programa de Ilustraci\u00f3n Profesional de la Facultad de Arquitectura y Urbanismo de la Universidad de Buenos Aires","alternateName":"Ilus.P","url":"https:\/\/ilusposgrado.com.ar\/ilusgaleria\/","logo":{"@type":"ImageObject","inLanguage":"es-AR","@id":"https:\/\/ilusposgrado.com.ar\/ilusgaleria\/#\/schema\/logo\/image\/","url":"https:\/\/ilusposgrado.com.ar\/ilusgaleria\/wp-content\/uploads\/2024\/11\/ilus-galeria-seo.png","contentUrl":"https:\/\/ilusposgrado.com.ar\/ilusgaleria\/wp-content\/uploads\/2024\/11\/ilus-galeria-seo.png","width":1024,"height":1024,"caption":"Programa de Ilustraci\u00f3n Profesional de la Facultad de Arquitectura y Urbanismo de la Universidad de Buenos Aires"},"image":{"@id":"https:\/\/ilusposgrado.com.ar\/ilusgaleria\/#\/schema\/logo\/image\/"},"sameAs":["https:\/\/www.instagram.com\/ilusposgrado\/"]},{"@type":"Person","@id":"https:\/\/ilusposgrado.com.ar\/ilusgaleria\/#\/schema\/person\/54344b8ca9385caa324a7244cde1860e","name":"Federico Posadas","description":"Federico es ilustrador, dise\u00f1ador y docente. Naci\u00f3 en Villa La Angostura, Patagonia argentina. Se gradu\u00f3 en dise\u00f1o gr\u00e1fico en la FADU UBA. Ha participado en talleres de ilustraci\u00f3n, destacando el posgrado en ilustraci\u00f3n profesional (FADU UBA). En 2024, fue finalista de la 3ra Bienal de Ilustraci\u00f3n en M\u00e9xico. Tiene amplia experiencia desarrollando proyectos para empresas e instituciones, y ha publicado a la fecha diferentes libros: Conociendo a los pingu\u0308inos (Ed. Global Penguin), \u00a1Abrigate Osito! (Ed. Abran Cancha), Esto o lo Otro (Ed. Mu\u00f1eca de trapo), El Volc\u00e1n y el Sol (Ed. Quipu), Lenguas que cuentan (Ed. Biblioteca del Senado de la Naci\u00f3n), Guijarros blancos, guijarros negros (Ed Cedie).","sameAs":["https:\/\/federicoposadas.com\/","https:\/\/www.instagram.com\/fede.posadas\/"],"url":"https:\/\/ilusposgrado.com.ar\/ilusgaleria\/ilustrador\/federicoposadas\/"}]}},"_links":{"self":[{"href":"https:\/\/ilusposgrado.com.ar\/ilusgaleria\/wp-json\/wp\/v2\/proyecto\/4614","targetHints":{"allow":["GET"]}}],"collection":[{"href":"https:\/\/ilusposgrado.com.ar\/ilusgaleria\/wp-json\/wp\/v2\/proyecto"}],"about":[{"href":"https:\/\/ilusposgrado.com.ar\/ilusgaleria\/wp-json\/wp\/v2\/types\/proyecto"}],"author":[{"embeddable":true,"href":"https:\/\/ilusposgrado.com.ar\/ilusgaleria\/wp-json\/wp\/v2\/users\/47"}],"version-history":[{"count":1,"href":"https:\/\/ilusposgrado.com.ar\/ilusgaleria\/wp-json\/wp\/v2\/proyecto\/4614\/revisions"}],"predecessor-version":[{"id":4615,"href":"https:\/\/ilusposgrado.com.ar\/ilusgaleria\/wp-json\/wp\/v2\/proyecto\/4614\/revisions\/4615"}],"wp:featuredmedia":[{"embeddable":true,"href":"https:\/\/ilusposgrado.com.ar\/ilusgaleria\/wp-json\/wp\/v2\/media\/4604"}],"wp:attachment":[{"href":"https:\/\/ilusposgrado.com.ar\/ilusgaleria\/wp-json\/wp\/v2\/media?parent=4614"}],"wp:term":[{"taxonomy":"category","embeddable":true,"href":"https:\/\/ilusposgrado.com.ar\/ilusgaleria\/wp-json\/wp\/v2\/categories?post=4614"}],"curies":[{"name":"wp","href":"https:\/\/api.w.org\/{rel}","templated":true}]}}